{"id":45294,"date":"2025-11-27T05:35:18","date_gmt":"2025-11-27T04:35:18","guid":{"rendered":"https:\/\/www.scalemonkey.com\/altalanos-szerzodesi-feltetelek\/"},"modified":"2026-08-08T14:15:30","modified_gmt":"2026-08-08T12:15:30","slug":"terms-conditions","status":"publish","type":"page","link":"https:\/\/www.scalemonkey.com\/hu\/terms-conditions\/","title":{"rendered":"\u00c1ltal\u00e1nos Szerz\u0151d\u00e9si Felt\u00e9telek"},"content":{"rendered":"\t\t<div data-elementor-type=\"wp-page\" data-elementor-id=\"45294\" class=\"elementor elementor-45294 elementor-182\" data-elementor-post-type=\"page\">\n\t\t\t\t<div class=\"elementor-element elementor-element-1ce063ce smc-header-title e-con-full e-flex e-con e-parent\" data-id=\"1ce063ce\" data-element_type=\"container\" data-e-type=\"container\">\n\t\t\t\t<div class=\"elementor-element elementor-element-58943d56 elementor-widget__width-inherit elementor-widget elementor-widget-heading\" data-id=\"58943d56\" data-element_type=\"widget\" data-e-type=\"widget\" data-widget_type=\"heading.default\">\n\t\t\t\t\t<h1 class=\"elementor-heading-title elementor-size-default\">\u00c1ltal\u00e1nos Szerz\u0151d\u00e9si Felt\u00e9telek<\/h1>\t\t\t\t<\/div>\n\t\t\t\t<\/div>\n\t\t<div class=\"elementor-element elementor-element-7c49c3bf smc-page-content e-con-full e-flex e-con e-parent\" data-id=\"7c49c3bf\" data-element_type=\"container\" data-e-type=\"container\">\n\t\t\t\t<div class=\"elementor-element elementor-element-1cb63fa4 smc-post-heading elementor-widget elementor-widget-heading\" data-id=\"1cb63fa4\" data-element_type=\"widget\" data-e-type=\"widget\" data-widget_type=\"heading.default\">\n\t\t\t\t\t<h2 class=\"elementor-heading-title elementor-size-default\">Tartalomjegyz\u00e9k<\/h2>\t\t\t\t<\/div>\n\t\t\t\t<div class=\"elementor-element elementor-element-7788bcf2 smc-p-text-conclusion elementor-widget elementor-widget-text-editor\" data-id=\"7788bcf2\" data-element_type=\"widget\" data-e-type=\"widget\" data-widget_type=\"text-editor.default\">\n\t\t\t\t\t\t\t\t\t<p><strong>1.<\/strong> Hat\u00e1ly<br><strong>2.<\/strong> Megrendel\u00e9s \u00e9s szerz\u0151d\u00e9sk\u00f6t\u00e9s<br><strong>3.<\/strong> El\u00e1ll\u00e1si jog<br><strong>4.<\/strong> Tulajdonjog-fenntart\u00e1s<br><strong>5.<\/strong> Szavatoss\u00e1g<br><strong>6.<\/strong> Felel\u0151ss\u00e9g<br><strong>7.<\/strong> Adatv\u00e9delem<br><strong>8.<\/strong> \u00c1rak \u00e9s fizet\u00e9s<br><strong>9.<\/strong> Sz\u00e1ll\u00edt\u00e1si id\u0151<br><strong>10.<\/strong> Sz\u00e1ll\u00edt\u00e1s, biztos\u00edt\u00e1s \u00e9s k\u00e1rvesz\u00e9ly \u00e1tsz\u00e1ll\u00e1sa<br><strong>11.<\/strong> A szerz\u0151d\u00e9ssz\u00f6veg t\u00e1rol\u00e1sa \u00e9s leh\u00edvhat\u00f3s\u00e1ga<br><strong>12.<\/strong> Alkalmazand\u00f3 jog, illet\u00e9kes b\u00edr\u00f3s\u00e1g \u00e9s z\u00e1r\u00f3 rendelkez\u00e9sek<\/p>\t\t\t\t\t\t\t\t<\/div>\n\t\t\t\t<div class=\"elementor-element elementor-element-1a59d551 elementor-widget elementor-widget-spacer\" data-id=\"1a59d551\" data-element_type=\"widget\" data-e-type=\"widget\" data-widget_type=\"spacer.default\">\n\t\t\t\t\t\t\t<div class=\"elementor-spacer\">\n\t\t\t<div class=\"elementor-spacer-inner\"><\/div>\n\t\t<\/div>\n\t\t\t\t\t\t<\/div>\n\t\t\t\t<div class=\"elementor-element elementor-element-5d0f5b7e smc-post-heading elementor-widget elementor-widget-heading\" data-id=\"5d0f5b7e\" data-element_type=\"widget\" data-e-type=\"widget\" data-widget_type=\"heading.default\">\n\t\t\t\t\t<h2 class=\"elementor-heading-title elementor-size-default\">1. Hat\u00e1ly<\/h2>\t\t\t\t<\/div>\n\t\t\t\t<div class=\"elementor-element elementor-element-7d2f900 smc-p-text-conclusion smc-link-underline elementor-widget elementor-widget-text-editor\" data-id=\"7d2f900\" data-element_type=\"widget\" data-e-type=\"widget\" data-widget_type=\"text-editor.default\">\n\t\t\t\t\t\t\t\t\t<p><strong>1.1.<\/strong> Az indigo-bison-747143.hostingersite.com online \u00e1ruh\u00e1zon (a tov\u00e1bbiakban: \u201eOnline \u00c1ruh\u00e1z\u201d) kereszt\u00fcl k\u00f6zt\u00fcnk, a ScaleMonkey \/ Karsten M\u00f6bius, K\u00e4the-Kollwitz-Weg 73, 89081 Ulm, telefon: +49 (0)731 \/ 40390785<span data-elementor-setting-key=\"icon_list.0.text\" data-pen-placeholder=\"Eingabe hier...\">,<\/span> e-mail: service@scalemonkey.com (a tov\u00e1bbiakban: \u201emi\u201d vagy \u201eScaleMonkey\u201d), valamint \u00d6n (a tov\u00e1bbiakban: \u201e\u00dcgyf\u00e9l\u201d) k\u00f6z\u00f6tt l\u00e9trej\u00f6tt minden szerz\u0151d\u00e9sre kiz\u00e1r\u00f3lag az al\u00e1bbi \u00c1ltal\u00e1nos Szerz\u0151d\u00e9si Felt\u00e9telek (\u201e\u00c1SZF\u201d) vonatkoznak.<\/p><p><strong>1.2.<\/strong>  Az \u00dcgyf\u00e9l az Online \u00c1ruh\u00e1zba t\u00f6rt\u00e9n\u0151 regisztr\u00e1ci\u00f3kor, de legk\u00e9s\u0151bb az Online \u00c1ruh\u00e1zon kereszt\u00fcl t\u00f6rt\u00e9n\u0151 \u00e1rumegrendel\u00e9skor kijelenti, hogy elfogadja a jelen \u00c1SZF \u00e9rv\u00e9nyess\u00e9g\u00e9t.<\/p><p><strong>1.3.<\/strong>  Online \u00e1ruh\u00e1zunk k\u00edn\u00e1lata egyar\u00e1nt sz\u00f3l fogyaszt\u00f3knak \u00e9s v\u00e1llalkoz\u00f3knak. A jelen \u00c1SZF alkalmaz\u00e1s\u00e1ban (I) \u201efogyaszt\u00f3\u201d minden olyan term\u00e9szetes szem\u00e9ly, aki a szerz\u0151d\u00e9st olyan c\u00e9lb\u00f3l k\u00f6ti, amely t\u00falnyom\u00f3r\u00e9szt sem kereskedelmi, sem \u00f6n\u00e1ll\u00f3 szakmai tev\u00e9kenys\u00e9g\u00e9hez nem sorolhat\u00f3 (BGB 13. \u00a7), \u00e9s (II) \u201ev\u00e1llalkoz\u00f3\u201d minden olyan term\u00e9szetes vagy jogi szem\u00e9ly, illetve jogk\u00e9pes szem\u00e9lyegyes\u00fcl\u00e9s, aki a szerz\u0151d\u00e9s megk\u00f6t\u00e9sekor kereskedelmi vagy \u00f6n\u00e1ll\u00f3 szakmai tev\u00e9kenys\u00e9ge k\u00f6r\u00e9ben j\u00e1r el (BGB 14. \u00a7 1. bek.).   <\/p>\t\t\t\t\t\t\t\t<\/div>\n\t\t\t\t<div class=\"elementor-element elementor-element-7a75d0 smc-post-heading elementor-widget elementor-widget-heading\" data-id=\"7a75d0\" data-element_type=\"widget\" data-e-type=\"widget\" data-widget_type=\"heading.default\">\n\t\t\t\t\t<h2 class=\"elementor-heading-title elementor-size-default\">2. Megrendel\u00e9s \u00e9s szerz\u0151d\u00e9sk\u00f6t\u00e9s<\/h2>\t\t\t\t<\/div>\n\t\t\t\t<div class=\"elementor-element elementor-element-9e27f66 smc-p-text-conclusion smc-link-underline elementor-widget elementor-widget-text-editor\" data-id=\"9e27f66\" data-element_type=\"widget\" data-e-type=\"widget\" data-widget_type=\"text-editor.default\">\n\t\t\t\t\t\t\t\t\t<p>Az Online \u00c1ruh\u00e1zunkban tal\u00e1lhat\u00f3 \u00e1ruk\u00edn\u00e1lat nem k\u00f6telez\u0151 \u00e9rv\u00e9ny\u0171 felh\u00edv\u00e1s a ScaleMonkey-t\u00f3l t\u00f6rt\u00e9n\u0151 k\u00f6telez\u0151 \u00e9rv\u00e9ny\u0171 \u00e1rumegrendel\u00e9sre. Az \u00e1ru megrendel\u00e9s\u00e9vel az Online \u00c1ruh\u00e1zban tal\u00e1lhat\u00f3 \u201eV\u00e1s\u00e1rl\u00e1s\u201d vagy \u201eMegrendel\u00e9s fizet\u00e9si k\u00f6telezetts\u00e9ggel\u201d gombra (vagy hasonl\u00f3ra) val\u00f3 kattint\u00e1ssal az \u00dcgyf\u00e9l k\u00f6telez\u0151 \u00e9rv\u00e9ny\u0171 aj\u00e1nlatot tesz a kos\u00e1rban l\u00e9v\u0151 \u00e1ruk megv\u00e1s\u00e1rl\u00e1s\u00e1ra. A ScaleMonkey ezen \u00fcgyf\u00e9lmegrendel\u00e9s be\u00e9rkez\u00e9s\u00e9t halad\u00e9ktalanul visszaigazolja e-mailben. Ez az automatikusan gener\u00e1lt visszaigazol\u00e1s nem jelenti az aj\u00e1nlat elfogad\u00e1s\u00e1t. A ScaleMonkey-val k\u00f6t\u00f6tt szerz\u0151d\u00e9s csak a ScaleMonkey \u00e1ltal k\u00fcld\u00f6tt k\u00fcl\u00f6n e-mailben t\u00f6rt\u00e9n\u0151 megrendel\u00e9s-visszaigazol\u00e1ssal, illetve az \u00e1ru kisz\u00e1ll\u00edt\u00e1s\u00e1val j\u00f6n l\u00e9tre (elfogad\u00e1s); a ScaleMonkey azonban minden esetben 5 munkanapon bel\u00fcl t\u00e1j\u00e9koztatja az \u00dcgyfelet az aj\u00e1nlat elfogad\u00e1s\u00e1r\u00f3l; ezen hat\u00e1rid\u0151 lej\u00e1rta ut\u00e1n az \u00dcgyfelet m\u00e1r nem k\u00f6ti az aj\u00e1nlata. Megrendel\u00e9s \u00e9s sz\u00e1ll\u00edt\u00e1s csak a N\u00e9metorsz\u00e1gi Sz\u00f6vets\u00e9gi K\u00f6zt\u00e1rsas\u00e1g ter\u00fclet\u00e9n bel\u00fcl lehets\u00e9ges, kiv\u00e9ve, ha err\u0151l az \u00dcgyf\u00e9llel \u00edr\u00e1sban m\u00e1sk\u00e9nt \u00e1llapodtunk meg.       <\/p>\t\t\t\t\t\t\t\t<\/div>\n\t\t\t\t<div class=\"elementor-element elementor-element-187e7e8d smc-post-heading elementor-widget elementor-widget-heading\" data-id=\"187e7e8d\" data-element_type=\"widget\" data-e-type=\"widget\" data-widget_type=\"heading.default\">\n\t\t\t\t\t<h2 class=\"elementor-heading-title elementor-size-default\">3. El\u00e1ll\u00e1si jog<\/h2>\t\t\t\t<\/div>\n\t\t\t\t<div class=\"elementor-element elementor-element-792d6ebb smc-p-text-conclusion smc-link-underline elementor-widget elementor-widget-text-editor\" data-id=\"792d6ebb\" data-element_type=\"widget\" data-e-type=\"widget\" data-widget_type=\"text-editor.default\">\n\t\t\t\t\t\t\t\t\t<p><strong>3.1. <\/strong>El\u00e1ll\u00e1si t\u00e1j\u00e9koztat\u00f3<br\/>Amennyiben az \u00dcgyf\u00e9l fogyaszt\u00f3nak min\u0151s\u00fcl, jogosult a szerz\u0151d\u00e9st\u0151l az al\u00e1bbi el\u00e1ll\u00e1si t\u00e1j\u00e9koztat\u00f3 szerint el\u00e1llni:<br\/>El\u00e1ll\u00e1si jog<br\/>\u00d6n tizenn\u00e9gy napon bel\u00fcl jogosult indokol\u00e1s n\u00e9lk\u00fcl el\u00e1llni e szerz\u0151d\u00e9st\u0151l.<br\/>Az el\u00e1ll\u00e1si hat\u00e1rid\u0151 tizenn\u00e9gy nap att\u00f3l a napt\u00f3l sz\u00e1m\u00edtva,<br><strong>a)<\/strong> amelyen \u00d6n vagy az \u00d6n \u00e1ltal megjel\u00f6lt, a fuvaroz\u00f3t\u00f3l elt\u00e9r\u0151 harmadik szem\u00e9ly az \u00e1rut birtokba vette, amennyiben \u00d6n egyetlen megrendel\u00e9s keret\u00e9ben egy vagy t\u00f6bb \u00e1rut rendelt, \u00e9s az \u00e1ru(ka)t egys\u00e9gesen sz\u00e1ll\u00edtj\u00e1k ki;<br\/>vagy   <br><strong>b)<\/strong> amelyen \u00d6n vagy az \u00d6n \u00e1ltal megjel\u00f6lt, a fuvaroz\u00f3t\u00f3l elt\u00e9r\u0151 harmadik szem\u00e9ly az utols\u00f3 \u00e1rut birtokba vette, amennyiben \u00d6n egyetlen megrendel\u00e9s keret\u00e9ben t\u00f6bb \u00e1rut rendelt, \u00e9s azokat k\u00fcl\u00f6n sz\u00e1ll\u00edtj\u00e1k ki;<br\/>vagy <br><strong>c)<\/strong> ha te vagy egy \u00e1ltalad megnevezett harmadik f\u00e9l, aki nem a fuvaroz\u00f3, birtokba vetted az utols\u00f3 r\u00e9szsz\u00e1ll\u00edtm\u00e1nyt vagy az utols\u00f3 darabot, amennyiben olyan \u00e1rut rendelt\u00e9l, amelyet t\u00f6bb r\u00e9szsz\u00e1ll\u00edtm\u00e1nyban vagy darabban sz\u00e1ll\u00edtanak.<br\/>Ha a fenti alternat\u00edv\u00e1k k\u00f6z\u00fcl t\u00f6bb is fenn\u00e1ll, a felmond\u00e1si hat\u00e1rid\u0151 csak azzal a nappal kezd\u0151dik, amelyen te vagy egy \u00e1ltalad megnevezett harmadik f\u00e9l, aki nem a fuvaroz\u00f3, birtokba vetted az utols\u00f3 \u00e1rut vagy az utols\u00f3 r\u00e9szsz\u00e1ll\u00edtm\u00e1nyt, illetve az utols\u00f3 darabot.<br\/>A felmond\u00e1si jogod gyakorl\u00e1s\u00e1hoz egy\u00e9rtelm\u0171 nyilatkozattal (pl. post\u00e1n k\u00fcld\u00f6tt lev\u00e9l, telefax vagy e-mail) kell t\u00e1j\u00e9koztatnod minket (ScaleMonkey, K\u00e4the-Kollwitz-Weg 73, 89081 Ulm, Telefon: +49 (0)731 \/ 40390785, E-Mail: service@scalemonkey.com) a szerz\u0151d\u00e9s felmond\u00e1s\u00e1ra vonatkoz\u00f3 d\u00f6nt\u00e9sedr\u0151l. Ehhez haszn\u00e1lhatod a mell\u00e9kelt mintafelmond\u00e1si \u0171rlapot, de ez nem k\u00f6telez\u0151.<br\/>A mintafelmond\u00e1si \u0171rlapot vagy m\u00e1s egy\u00e9rtelm\u0171 nyilatkozatot elektronikus \u00faton is kit\u00f6ltheted \u00e9s elk\u00fcldheted a <a href=\"https:\/\/www.scalemonkey.com\/germany\/revocation-form\">Felmond\u00e1si \u0171rlap<\/a> weboldalunkon. Ha \u00e9lsz ezzel a lehet\u0151s\u00e9ggel, azonnal (pl. e-mailben) visszaigazol\u00e1st k\u00fcld\u00fcnk neked a felmond\u00e1s be\u00e9rkez\u00e9s\u00e9r\u0151l.<br\/>A felmond\u00e1si hat\u00e1rid\u0151 betart\u00e1s\u00e1hoz elegend\u0151, ha a felmond\u00e1si jog gyakorl\u00e1s\u00e1r\u00f3l sz\u00f3l\u00f3 \u00e9rtes\u00edt\u00e9st a felmond\u00e1si hat\u00e1rid\u0151 lej\u00e1rta el\u0151tt elk\u00fcld\u00f6d.<br\/>A felmond\u00e1s k\u00f6vetkezm\u00e9nyei<br\/>Ha felmondod ezt a szerz\u0151d\u00e9st, k\u00f6telesek vagyunk neked minden t\u0151l\u00fcnk kapott befizet\u00e9st, bele\u00e9rtve a sz\u00e1ll\u00edt\u00e1si k\u00f6lts\u00e9geket is (kiv\u00e9ve azokat a t\u00f6bbletk\u00f6lts\u00e9geket, amelyek abb\u00f3l ad\u00f3dnak, hogy a mi \u00e1ltalunk k\u00edn\u00e1lt legkedvez\u0151bb standard sz\u00e1ll\u00edt\u00e1st\u00f3l elt\u00e9r\u0151 sz\u00e1ll\u00edt\u00e1si m\u00f3dot v\u00e1lasztott\u00e1l), halad\u00e9ktalanul \u00e9s legk\u00e9s\u0151bb tizenn\u00e9gy napon bel\u00fcl visszat\u00e9r\u00edteni att\u00f3l a napt\u00f3l sz\u00e1m\u00edtva, amikor a szerz\u0151d\u00e9s felmond\u00e1s\u00e1r\u00f3l sz\u00f3l\u00f3 \u00e9rtes\u00edt\u00e9sed be\u00e9rkezett hozz\u00e1nk. Ehhez a visszat\u00e9r\u00edt\u00e9shez ugyanazt a fizet\u00e9si m\u00f3dot haszn\u00e1ljuk, amelyet az eredeti tranzakci\u00f3 sor\u00e1n alkalmazt\u00e1l, kiv\u00e9ve, ha kifejezetten m\u00e1sban \u00e1llapodtunk meg; semmilyen esetben sem sz\u00e1m\u00edtunk fel d\u00edjat neked e visszat\u00e9r\u00edt\u00e9s miatt. Megtagadhatjuk a visszat\u00e9r\u00edt\u00e9st mindaddig, am\u00edg vissza nem kaptuk az \u00e1rut, vagy am\u00edg nem igazoltad, hogy visszak\u00fcldted az \u00e1rut, att\u00f3l f\u00fcgg\u0151en, hogy melyik id\u0151pont kor\u00e1bbi.<br\/>Az \u00e1rut halad\u00e9ktalanul \u00e9s minden esetben legk\u00e9s\u0151bb tizenn\u00e9gy napon bel\u00fcl att\u00f3l a napt\u00f3l sz\u00e1m\u00edtva, amikor \u00e9rtes\u00edtett\u00e9l minket a szerz\u0151d\u00e9s felmond\u00e1s\u00e1r\u00f3l, vissza kell k\u00fcldened vagy \u00e1t kell adnod nek\u00fcnk (ScaleMonkey, K\u00e4the-Kollwitz-Weg 73, 89081 Ulm). A hat\u00e1rid\u0151 betartottnak min\u0151s\u00fcl, ha az \u00e1rut a tizenn\u00e9gy napos hat\u00e1rid\u0151 lej\u00e1rta el\u0151tt elk\u00fcld\u00f6d. Az \u00e1ru visszak\u00fcld\u00e9s\u00e9nek k\u00f6zvetlen k\u00f6lts\u00e9geit te viseled.        <\/p><p><strong>3.2.<\/strong> Az el\u00e1ll\u00e1si jog kiz\u00e1r\u00e1sa<br\/>Az el\u00e1ll\u00e1si jog nem \u00e1ll fenn olyan szerz\u0151d\u00e9sek eset\u00e9ben,<br\/>&#8211; amelyek olyan nem el\u0151re gy\u00e1rtott term\u00e9kek sz\u00e1ll\u00edt\u00e1s\u00e1ra vonatkoznak, amelyek el\u0151\u00e1ll\u00edt\u00e1sa a fogyaszt\u00f3 egyedi v\u00e1laszt\u00e1sa vagy meghat\u00e1roz\u00e1sa alapj\u00e1n t\u00f6rt\u00e9nt, vagy amelyeket egy\u00e9rtelm\u0171en a fogyaszt\u00f3 szem\u00e9lyes ig\u00e9nyeire szabtak;<br\/>&#8211; amelyek gyorsan romland\u00f3 vagy min\u0151s\u00e9g\u00fcket r\u00f6vid ideig meg\u0151rz\u0151 term\u00e9kek sz\u00e1ll\u00edt\u00e1s\u00e1ra vonatkoznak;<\/p><p><strong>3.3. <\/strong>Az el\u00e1ll\u00e1si jog megsz\u0171n\u00e9se<br\/>Az el\u00e1ll\u00e1si jog id\u0151 el\u0151tt megsz\u0171nik olyan szerz\u0151d\u00e9sek eset\u00e9ben,<br\/>&#8211; amelyek olyan term\u00e9kek sz\u00e1ll\u00edt\u00e1s\u00e1ra vonatkoznak, amelyek a kisz\u00e1ll\u00edt\u00e1st k\u00f6vet\u0151en jelleg\u00fckn\u00e9l fogva elv\u00e1laszthatatlanul keveredtek m\u00e1s term\u00e9kekkel;<br\/>&#8211; amelyek lez\u00e1rt csomagol\u00e1s\u00fa hang-, illetve k\u00e9pfelv\u00e9tel, valamint sz\u00e1m\u00edt\u00f3g\u00e9pes szoftver sz\u00e1ll\u00edt\u00e1s\u00e1ra vonatkoznak, ha a sz\u00e1ll\u00edt\u00e1st k\u00f6vet\u0151en a csomagol\u00e1st felbontott\u00e1k.<\/p>\t\t\t\t\t\t\t\t<\/div>\n\t\t\t\t<div class=\"elementor-element elementor-element-311bfcd7 smc-post-heading elementor-widget elementor-widget-heading\" data-id=\"311bfcd7\" data-element_type=\"widget\" data-e-type=\"widget\" data-widget_type=\"heading.default\">\n\t\t\t\t\t<h2 class=\"elementor-heading-title elementor-size-default\">4. Tulajdonjog-fenntart\u00e1s<\/h2>\t\t\t\t<\/div>\n\t\t\t\t<div class=\"elementor-element elementor-element-638eb08f smc-p-text-conclusion smc-link-underline elementor-widget elementor-widget-text-editor\" data-id=\"638eb08f\" data-element_type=\"widget\" data-e-type=\"widget\" data-widget_type=\"text-editor.default\">\n\t\t\t\t\t\t\t\t\t<p>A v\u00e9tel\u00e1r teljes kifizet\u00e9s\u00e9ig a kisz\u00e1ll\u00edtott \u00e1ru a ScaleMonkey tulajdon\u00e1ban marad (\u201efenntartott \u00e1ru\u201d). \u00d6n nem jogosult ezt a fenntartott \u00e1rut harmadik f\u00e9lnek eladni vagy elz\u00e1logos\u00edtani, \u00e9s k\u00f6teles azt szakszer\u0171en \u00e9s gondosan kezelni. A fenntartott \u00e1ruhoz val\u00f3 harmadik f\u00e9l \u00e1ltali hozz\u00e1f\u00e9r\u00e9sr\u0151l az \u00dcgyf\u00e9l k\u00f6teles minket a tudom\u00e1sszerz\u00e9st k\u00f6vet\u0151en halad\u00e9ktalanul \u00e9rtes\u00edteni. Az \u00dcgyf\u00e9l felel minden olyan k\u00f6lts\u00e9g\u00e9rt, amely az ilyen hozz\u00e1f\u00e9r\u00e9sek megsz\u00fcntet\u00e9s\u00e9vel kapcsolatban mer\u00fcl fel, k\u00fcl\u00f6n\u00f6sen harmadik f\u00e9l \u00e1ltali ig\u00e9nyper ind\u00edt\u00e1sa eset\u00e9n, amennyiben a k\u00f6lts\u00e9gek megt\u00e9r\u00edt\u00e9se az \u00e9rintett harmadik f\u00e9lt\u0151l nem hajthat\u00f3 be.   <\/p>\t\t\t\t\t\t\t\t<\/div>\n\t\t\t\t<div class=\"elementor-element elementor-element-2b202ef9 smc-post-heading elementor-widget elementor-widget-heading\" data-id=\"2b202ef9\" data-element_type=\"widget\" data-e-type=\"widget\" data-widget_type=\"heading.default\">\n\t\t\t\t\t<h2 class=\"elementor-heading-title elementor-size-default\">5. Szavatoss\u00e1g<\/h2>\t\t\t\t<\/div>\n\t\t\t\t<div class=\"elementor-element elementor-element-3d56b84f smc-p-text-conclusion smc-link-underline elementor-widget elementor-widget-text-editor\" data-id=\"3d56b84f\" data-element_type=\"widget\" data-e-type=\"widget\" data-widget_type=\"text-editor.default\">\n\t\t\t\t\t\t\t\t\t<p><strong>5.1.<\/strong>  A megv\u00e1s\u00e1rolt \u00e1rukra t\u00f6rv\u00e9nyes kell\u00e9kszavatoss\u00e1gi jog vonatkozik.<\/p><p><strong>5.2.<\/strong>  Ha a kisz\u00e1ll\u00edtott \u00e1ru hib\u00e1s \u00e9s az \u00dcgyf\u00e9l v\u00e1llalkoz\u00f3, v\u00e1laszthatunk a hiba kijav\u00edt\u00e1sa vagy hib\u00e1tlan dolog sz\u00e1ll\u00edt\u00e1sa k\u00f6z\u00f6tt. V\u00e1laszt\u00e1sunkat csak sz\u00f6veges form\u00e1ban (ak\u00e1r telefaxon vagy e-mailben) tett nyilatkozattal k\u00f6z\u00f6lhetj\u00fck az \u00dcgyf\u00e9llel a hiba bejelent\u00e9s\u00e9t k\u00f6vet\u0151 h\u00e1rom munkanapon bel\u00fcl. <\/p><p><strong>5.3.<\/strong>  Amennyiben az \u00dcgyf\u00e9l fogyaszt\u00f3, az \u00e1ru hib\u00e1ja miatti ig\u00e9nyei a t\u00f6rv\u00e9nyi el\u0151\u00edr\u00e1soknak megfelel\u0151en \u00e9v\u00fclnek el. Amennyiben az \u00dcgyf\u00e9l v\u00e1llalkoz\u00f3, az \u00dcgyf\u00e9l \u00faj \u00e9s haszn\u00e1lt \u00e1ruk hib\u00e1i miatti ig\u00e9nyeinek el\u00e9v\u00fcl\u00e9si ideje a hib\u00e1s \u00e1ru kisz\u00e1ll\u00edt\u00e1s\u00e1t\u00f3l sz\u00e1m\u00edtott tizenk\u00e9t h\u00f3nap. Ett\u0151l elt\u00e9r\u0151en a t\u00f6rv\u00e9nyben el\u0151\u00edrt el\u00e9v\u00fcl\u00e9si szab\u00e1lyok \u00e9rv\u00e9nyesek, amennyiben a ScaleMonkey-t a hiba tekintet\u00e9ben csal\u00e1rds\u00e1g, sz\u00e1nd\u00e9koss\u00e1g vagy s\u00falyos gondatlans\u00e1g terheli.  <\/p><p><strong>5.4.<\/strong>  Kiz\u00e1r\u00f3lag v\u00e1llalkoz\u00f3kkal szemben az al\u00e1bbiak \u00e9rv\u00e9nyesek: Az \u00dcgyf\u00e9l k\u00f6teles az \u00e1rut a kisz\u00e1ll\u00edt\u00e1st k\u00f6vet\u0151en halad\u00e9ktalanul gondosan megvizsg\u00e1lni. A kisz\u00e1ll\u00edtott \u00e1ru az \u00dcgyf\u00e9l \u00e1ltal elfogadottnak min\u0151s\u00fcl, ha a hib\u00e1t (1.) nyilv\u00e1nval\u00f3 hib\u00e1k eset\u00e9n a kisz\u00e1ll\u00edt\u00e1st k\u00f6vet\u0151 \u00f6t munkanapon bel\u00fcl, vagy egy\u00e9bk\u00e9nt (2.) a hiba felfedez\u00e9s\u00e9t k\u00f6vet\u0151 \u00f6t munkanapon bel\u00fcl nem jelzik fel\u00e9nk. <\/p>\t\t\t\t\t\t\t\t<\/div>\n\t\t\t\t<div class=\"elementor-element elementor-element-32de00c5 smc-post-heading elementor-widget elementor-widget-heading\" data-id=\"32de00c5\" data-element_type=\"widget\" data-e-type=\"widget\" data-widget_type=\"heading.default\">\n\t\t\t\t\t<h2 class=\"elementor-heading-title elementor-size-default\">6. Felel\u0151ss\u00e9g<\/h2>\t\t\t\t<\/div>\n\t\t\t\t<div class=\"elementor-element elementor-element-4bc5fe23 smc-p-text-conclusion smc-link-underline elementor-widget elementor-widget-text-editor\" data-id=\"4bc5fe23\" data-element_type=\"widget\" data-e-type=\"widget\" data-widget_type=\"text-editor.default\">\n\t\t\t\t\t\t\t\t\t<p><strong>6.1.<\/strong> A ScaleMonkey korl\u00e1toz\u00e1s n\u00e9lk\u00fcl felel<br\/>&#8211; sz\u00e1nd\u00e9koss\u00e1g vagy s\u00falyos gondatlans\u00e1g eset\u00e9n,<br\/>&#8211; \u00e9let, testi \u00e9ps\u00e9g vagy eg\u00e9szs\u00e9g megs\u00e9rt\u00e9s\u00e9\u00e9rt,<br\/>&#8211; a term\u00e9kfelel\u0151ss\u00e9gi t\u00f6rv\u00e9ny el\u0151\u00edr\u00e1sai szerint, valamint<br\/>&#8211; a ScaleMonkey \u00e1ltal v\u00e1llalt garancia m\u00e9rt\u00e9k\u00e9ig.<\/p><p><strong>6.2.<\/strong>  A 6.1. pontban foglalt rendelkez\u00e9sek s\u00e9relme n\u00e9lk\u00fcl, a ScaleMonkey gondatlans\u00e1g eset\u00e9n csak a szerz\u0151d\u00e9ses f\u0151k\u00f6telezetts\u00e9gek megszeg\u00e9s\u00e9\u00e9rt felel, azaz olyan k\u00f6telezetts\u00e9gek megszeg\u00e9s\u00e9\u00e9rt, amelyek teljes\u00edt\u00e9se a szerz\u0151d\u00e9s szab\u00e1lyszer\u0171 lebonyol\u00edt\u00e1s\u00e1t egy\u00e1ltal\u00e1n lehet\u0151v\u00e9 teszi, \u00e9s amelyek betart\u00e1s\u00e1ban az \u00dcgyf\u00e9l rendszeresen b\u00edzhat (\u201ekardin\u00e1lis k\u00f6telezetts\u00e9g\u201d). Kardin\u00e1lis k\u00f6telezetts\u00e9g enyhe gondatlans\u00e1gb\u00f3l ered\u0151 megszeg\u00e9se eset\u00e9n a ScaleMonkey felel\u0151ss\u00e9ge azokra a tipikus k\u00e1rokra \u00e9s\/vagy olyan tipikus k\u00e1rm\u00e9rt\u00e9kre korl\u00e1toz\u00f3dik, amelyek a szerz\u0151d\u00e9s megk\u00f6t\u00e9sekor el\u0151rel\u00e1that\u00f3ak voltak. <\/p><p><strong>6.3.<\/strong>  A fenti felel\u0151ss\u00e9gkorl\u00e1toz\u00e1sok a ScaleMonkey teljes\u00edt\u00e9si seg\u00e9dj\u00e9nek mulaszt\u00e1sa eset\u00e9n, valamint a ScaleMonkey munkat\u00e1rsainak \u00e9s k\u00e9pvisel\u0151inek szem\u00e9lyes felel\u0151ss\u00e9g\u00e9re is vonatkoznak.<\/p><p><strong>6.4.<\/strong>  Az \u00dcgyf\u00e9l k\u00e1rt\u00e9r\u00edt\u00e9si ig\u00e9nyeinek el\u00e9v\u00fcl\u00e9s\u00e9re a 6.1. pontban eml\u00edtett esetekben a t\u00f6rv\u00e9nyi el\u0151\u00edr\u00e1sok ir\u00e1nyad\u00f3ak. Az \u00dcgyf\u00e9l egy\u00e9b k\u00e1rt\u00e9r\u00edt\u00e9si ig\u00e9nyeinek el\u00e9v\u00fcl\u00e9si ideje egy \u00e9v. Ez annak az \u00e9vnek a v\u00e9g\u00e9vel kezd\u0151dik, amelyben az ig\u00e9nyek keletkeztek, \u00e9s az \u00dcgyf\u00e9l az ig\u00e9nyt megalapoz\u00f3 k\u00f6r\u00fclm\u00e9nyekr\u0151l \u00e9s a k\u00f6telezett szem\u00e9ly\u00e9r\u0151l tudom\u00e1st szerzett, vagy s\u00falyos gondatlans\u00e1g miatt nem szerzett tudom\u00e1st; legk\u00e9s\u0151bb azonban az ig\u00e9nyek ezekben az esetekben a keletkez\u00e9s\u00fckt\u0151l sz\u00e1m\u00edtott \u00f6t \u00e9v eltelt\u00e9vel, illetve a k\u00e1rokoz\u00f3 cselekm\u00e9ny, a k\u00f6telezetts\u00e9gszeg\u00e9s vagy az egy\u00e9b k\u00e1rt kiv\u00e1lt\u00f3 esem\u00e9ny bek\u00f6vetkezt\u00e9t\u0151l sz\u00e1m\u00edtott t\u00edz \u00e9v eltelt\u00e9vel \u00e9v\u00fclnek el.  <\/p>\t\t\t\t\t\t\t\t<\/div>\n\t\t\t\t<div class=\"elementor-element elementor-element-4392563c smc-post-heading elementor-widget elementor-widget-heading\" data-id=\"4392563c\" data-element_type=\"widget\" data-e-type=\"widget\" data-widget_type=\"heading.default\">\n\t\t\t\t\t<h2 class=\"elementor-heading-title elementor-size-default\">7. Adatv\u00e9delem<\/h2>\t\t\t\t<\/div>\n\t\t\t\t<div class=\"elementor-element elementor-element-6d1736a3 smc-p-text-conclusion smc-link-underline elementor-widget elementor-widget-text-editor\" data-id=\"6d1736a3\" data-element_type=\"widget\" data-e-type=\"widget\" data-widget_type=\"text-editor.default\">\n\t\t\t\t\t\t\t\t\t<p>Amennyiben az \u00dcgyf\u00e9llel k\u00f6t\u00f6tt szerz\u0151d\u00e9s megk\u00f6t\u00e9se \u00e9s teljes\u00edt\u00e9se sor\u00e1n az \u00dcgyf\u00e9l szem\u00e9lyes adatai ker\u00fclnek gy\u0171jt\u00e9sre, a ScaleMonkey azok kezel\u00e9se \u00e9s felhaszn\u00e1l\u00e1sa sor\u00e1n betartja az ir\u00e1nyad\u00f3 adatv\u00e9delmi el\u0151\u00edr\u00e1sokat, k\u00fcl\u00f6n\u00f6sen a n\u00e9met sz\u00f6vets\u00e9gi adatv\u00e9delmi t\u00f6rv\u00e9nyt (\u201eBDSG\u201d). Az \u00fcgyf\u00e9ladatok kezel\u00e9s\u00e9vel kapcsolatos tov\u00e1bbi inform\u00e1ci\u00f3k a ScaleMonkey adatv\u00e9delmi rendelkez\u00e9seiben, az <a href=\"https:\/\/www.scalemonkey.com\/hu\/privacy-policy\/\">Adatv\u00e9delem<\/a> men\u00fcpont alatt tal\u00e1lhat\u00f3k. <\/p>\t\t\t\t\t\t\t\t<\/div>\n\t\t\t\t<div class=\"elementor-element elementor-element-6f96cd29 smc-post-heading elementor-widget elementor-widget-heading\" data-id=\"6f96cd29\" data-element_type=\"widget\" data-e-type=\"widget\" data-widget_type=\"heading.default\">\n\t\t\t\t\t<h2 class=\"elementor-heading-title elementor-size-default\">8. \u00c1rak \u00e9s fizet\u00e9s<\/h2>\t\t\t\t<\/div>\n\t\t\t\t<div class=\"elementor-element elementor-element-44d1c6dc smc-p-text-conclusion elementor-widget elementor-widget-text-editor\" data-id=\"44d1c6dc\" data-element_type=\"widget\" data-e-type=\"widget\" data-widget_type=\"text-editor.default\">\n\t\t\t\t\t\t\t\t\t<p><strong>8.1.<\/strong>  Amennyiben egyedi esetben kifejezetten m\u00e1s \u00e1rban nem \u00e1llapodtunk meg, a ScaleMonkey minden sz\u00e1ll\u00edt\u00e1sa a megrendel\u00e9s napj\u00e1n az Online \u00c1ruh\u00e1zban felt\u00fcntetett \u00e1rakon t\u00f6rt\u00e9nik. \u00c1raink tartalmazz\u00e1k a t\u00f6rv\u00e9nyes \u00e1f\u00e1t. Ehhez ad\u00f3dnak hozz\u00e1 a megrendel\u00e9sben felt\u00fcntetett sz\u00e1ll\u00edt\u00e1si k\u00f6lts\u00e9gek. A v\u00e1mokat \u00e9s hasonl\u00f3 k\u00f6zterheket az \u00dcgyf\u00e9l k\u00f6teles viselni.   <\/p><p><strong>8.2.<\/strong>  Sz\u00e1ll\u00edt\u00e1st PayPal, Sofort \u00dcberweisung, el\u0151re utal\u00e1s, valamint megl\u00e9v\u0151 \u00fcgyfelek r\u00e9sz\u00e9re sz\u00e1mla ellen\u00e9ben teljes\u00edt\u00fcnk.<\/p><p><strong>8.3.<\/strong>  Az \u00dcgyfelet nem illeti meg besz\u00e1m\u00edt\u00e1si vagy visszatart\u00e1si jog, kiv\u00e9ve, ha az ellenk\u00f6vetel\u00e9s nem vitatott vagy joger\u0151sen meg\u00e1llap\u00edtott.<\/p>\t\t\t\t\t\t\t\t<\/div>\n\t\t\t\t<div class=\"elementor-element elementor-element-404a0e2 smc-post-heading elementor-widget elementor-widget-heading\" data-id=\"404a0e2\" data-element_type=\"widget\" data-e-type=\"widget\" data-widget_type=\"heading.default\">\n\t\t\t\t\t<h2 class=\"elementor-heading-title elementor-size-default\">9. Sz\u00e1ll\u00edt\u00e1si id\u0151<\/h2>\t\t\t\t<\/div>\n\t\t\t\t<div class=\"elementor-element elementor-element-417d09f1 smc-p-text-conclusion smc-link-underline elementor-widget elementor-widget-text-editor\" data-id=\"417d09f1\" data-element_type=\"widget\" data-e-type=\"widget\" data-widget_type=\"text-editor.default\">\n\t\t\t\t\t\t\t\t\t<p><strong>9.1.<\/strong>  Az \u00e1rut a mindenkori aj\u00e1nlati oldalon megadott sz\u00e1ll\u00edt\u00e1si id\u0151n bel\u00fcl sz\u00e1ll\u00edtjuk ki az \u00dcgyf\u00e9lnek. Ha az aj\u00e1nlati oldalon nincs megadva sz\u00e1ll\u00edt\u00e1si id\u0151, a \u201erakt\u00e1ron\u201d jelz\u00e9ssel ell\u00e1tott \u00e1rukat t\u00edz munkanapon bel\u00fcl, minden egy\u00e9b \u00e1rut pedig n\u00e9gy h\u00e9ten bel\u00fcl sz\u00e1ll\u00edtunk ki. <\/p><p><strong>9.2.<\/strong>  A 9.1. pont szerinti sz\u00e1ll\u00edt\u00e1si id\u0151 minden esetben a fizet\u00e9s be\u00e9rkez\u00e9s\u00e9nek elfogad\u00e1sakor (azaz az ad\u00e1sv\u00e9teli szerz\u0151d\u00e9s l\u00e9trej\u00f6tt\u00e9nek napj\u00e1n) kezd\u0151dik.<\/p><p><strong>9.3.<\/strong>  Amennyiben az \u00dcgyf\u00e9l v\u00e1llalkoz\u00f3, kieg\u00e9sz\u00edt\u00e9sk\u00e9ppen \u00e9rv\u00e9nyes: Abban az esetben, ha besz\u00e1ll\u00edt\u00f3nk nem sz\u00e1ll\u00edtja le nek\u00fcnk id\u0151ben azt az \u00e1rut, amely az \u00dcgyf\u00e9l megrendel\u00e9sekor az Online \u00c1ruh\u00e1z aj\u00e1nlati oldal\u00e1n \u201enincs rakt\u00e1ron\u201d jelz\u00e9ssel szerepelt, a 9.1. pont szerint egy\u00e9bk\u00e9nt ir\u00e1nyad\u00f3 sz\u00e1ll\u00edt\u00e1si id\u0151 meghosszabbodik a besz\u00e1ll\u00edt\u00f3nk \u00e1ltali sz\u00e1ll\u00edt\u00e1s id\u0151tartam\u00e1val plusz k\u00e9t munkanappal, de legfeljebb h\u00e1rom h\u00e9t id\u0151tartammal. Ezen hat\u00e1rid\u0151-hosszabb\u00edt\u00e1s felt\u00e9tele, hogy az \u00e1rut halad\u00e9ktalanul ut\u00e1nrendelt\u00fck, \u00e9s a besz\u00e1ll\u00edt\u00f3nk \u00e1ltali sz\u00e1ll\u00edt\u00e1s k\u00e9sedelm\u00e9\u00e9rt nem vagyunk felel\u0151sek. <\/p><p><strong>9.4.  <\/strong>Amennyiben az \u00e1ru nem vagy nem id\u0151ben sz\u00e1ll\u00edthat\u00f3, p\u00e9ld\u00e1ul mert egyik besz\u00e1ll\u00edt\u00f3nk nem sz\u00e1ll\u00edtja le az \u00e1rut id\u0151ben, err\u0151l halad\u00e9ktalanul t\u00e1j\u00e9koztatjuk az \u00dcgyfelet. Ha az \u00e1ru bel\u00e1that\u00f3 id\u0151n bel\u00fcl nem \u00e9rhet\u0151 el besz\u00e1ll\u00edt\u00f3inkn\u00e1l, jogosultak vagyunk el\u00e1llni az ad\u00e1sv\u00e9teli szerz\u0151d\u00e9st\u0151l. El\u00e1ll\u00e1s eset\u00e9n az \u00dcgyf\u00e9l \u00e1ltal nek\u00fcnk teljes\u00edtett kifizet\u00e9seket halad\u00e9ktalanul visszat\u00e9r\u00edtj\u00fck. Az \u00dcgyf\u00e9l sz\u00e1ll\u00edt\u00e1si k\u00e9sedelem miatti t\u00f6rv\u00e9nyes jogait a fenti rendelkez\u00e9s nem \u00e9rinti, azonban az \u00dcgyf\u00e9l k\u00e1rt\u00e9r\u00edt\u00e9st csak a jelen \u00c1SZF 6. pontja szerint k\u00f6vetelhet.   <\/p>\t\t\t\t\t\t\t\t<\/div>\n\t\t\t\t<div class=\"elementor-element elementor-element-15be17b8 smc-post-heading elementor-widget elementor-widget-heading\" data-id=\"15be17b8\" data-element_type=\"widget\" data-e-type=\"widget\" data-widget_type=\"heading.default\">\n\t\t\t\t\t<h2 class=\"elementor-heading-title elementor-size-default\">10. Versand, Versicherung und Gefahr\u00fcbergang<\/h2>\t\t\t\t<\/div>\n\t\t\t\t<div class=\"elementor-element elementor-element-902d67c smc-p-text-conclusion smc-link-underline elementor-widget elementor-widget-text-editor\" data-id=\"902d67c\" data-element_type=\"widget\" data-e-type=\"widget\" data-widget_type=\"text-editor.default\">\n\t\t\t\t\t\t\t\t\t<p><strong>10.1.<\/strong>  Amennyiben kifejezetten m\u00e1sk\u00e9nt nem \u00e1llapodtunk meg, a megfelel\u0151 sz\u00e1ll\u00edt\u00e1si m\u00f3dot \u00e9s a sz\u00e1ll\u00edtm\u00e1nyoz\u00f3 v\u00e1llalatot saj\u00e1t bel\u00e1t\u00e1sunk szerint hat\u00e1rozzuk meg.<\/p><p><strong>10.2.<\/strong>  Jogosultak vagyunk egy megrendel\u00e9sben szerepl\u0151, k\u00fcl\u00f6n-k\u00fcl\u00f6n haszn\u00e1lhat\u00f3 \u00e1ruk r\u00e9szsz\u00e1ll\u00edt\u00e1s\u00e1ra, amelynek sor\u00e1n az ebb\u0151l ered\u0151 t\u00f6bblet sz\u00e1ll\u00edt\u00e1si k\u00f6lts\u00e9geket mi viselj\u00fck.<\/p><p><strong>10.3.<\/strong>  A nagy \u00e9s terjedelmes \u00e1ruk kisz\u00e1ll\u00edt\u00e1sa sz\u00e1ll\u00edtm\u00e1nyoz\u00f3val t\u00f6rt\u00e9nik. A sz\u00e1ll\u00edtm\u00e1nyoz\u00f3 az \u00e1rut csak az els\u0151 l\u00e9pcs\u0151fokig, illetve az \u00dcgyf\u00e9l sz\u00e1ll\u00edt\u00e1si c\u00edm\u00e9n tal\u00e1lhat\u00f3 els\u0151 z\u00e1rhat\u00f3 ajt\u00f3ig sz\u00e1ll\u00edtja.  <\/p><p><strong>10.4.<\/strong>  Amennyiben az \u00dcgyf\u00e9l v\u00e1llalkoz\u00f3, csak az \u00e1ru sz\u00e1ll\u00edtm\u00e1nyoz\u00f3 v\u00e1llalatnak t\u00f6rt\u00e9n\u0151 id\u0151ben t\u00f6rt\u00e9n\u0151, szab\u00e1lyszer\u0171 \u00e1tad\u00e1s\u00e1\u00e9rt felel\u00fcnk, \u00e9s nem vagyunk felel\u0151sek a sz\u00e1ll\u00edtm\u00e1nyoz\u00f3 v\u00e1llalat \u00e1ltal okozott k\u00e9sedelmek\u00e9rt.<\/p><p><strong>10.5.<\/strong>  Amennyiben az \u00dcgyf\u00e9l fogyaszt\u00f3, a kisz\u00e1ll\u00edtott \u00e1ru v\u00e9letlen megsemmis\u00fcl\u00e9s\u00e9nek, v\u00e9letlen k\u00e1rosod\u00e1s\u00e1nak vagy v\u00e9letlen elveszt\u00e9s\u00e9nek vesz\u00e9lye abban az id\u0151pontban sz\u00e1ll \u00e1t az \u00dcgyf\u00e9lre, amikor az \u00e1rut az \u00dcgyf\u00e9lnek kisz\u00e1ll\u00edtj\u00e1k, vagy az \u00dcgyf\u00e9l \u00e1tv\u00e9teli k\u00e9sedelembe esik. Minden egy\u00e9b esetben a k\u00e1rvesz\u00e9ly az \u00e1ru sz\u00e1ll\u00edtm\u00e1nyoz\u00f3 v\u00e1llalatnak t\u00f6rt\u00e9n\u0151 \u00e1tad\u00e1s\u00e1val sz\u00e1ll \u00e1t az \u00dcgyf\u00e9lre. <\/p><p><strong>10.6.<\/strong>  Az \u00e1rut a szok\u00e1sos sz\u00e1ll\u00edt\u00e1si kock\u00e1zatok ellen saj\u00e1t k\u00f6lts\u00e9g\u00fcnkre biztos\u00edtjuk.<\/p>\t\t\t\t\t\t\t\t<\/div>\n\t\t\t\t<div class=\"elementor-element elementor-element-5485c56b smc-post-heading elementor-widget elementor-widget-heading\" data-id=\"5485c56b\" data-element_type=\"widget\" data-e-type=\"widget\" data-widget_type=\"heading.default\">\n\t\t\t\t\t<h2 class=\"elementor-heading-title elementor-size-default\">11. A szerz\u0151d\u00e9ssz\u00f6veg t\u00e1rol\u00e1sa \u00e9s leh\u00edvhat\u00f3s\u00e1ga<\/h2>\t\t\t\t<\/div>\n\t\t\t\t<div class=\"elementor-element elementor-element-25c99034 smc-p-text-conclusion smc-link-underline elementor-widget elementor-widget-text-editor\" data-id=\"25c99034\" data-element_type=\"widget\" data-e-type=\"widget\" data-widget_type=\"text-editor.default\">\n\t\t\t\t\t\t\t\t\t<p>A szerz\u0151d\u00e9ssz\u00f6veg a megrendel\u00e9skor az \u00dcgyf\u00e9l sz\u00e1m\u00e1ra leh\u00edvhat\u00f3, \u00e9s a megrendel\u00e9s elfogad\u00e1sa eset\u00e9n e-mailben megk\u00fcldj\u00fck az \u00dcgyf\u00e9lnek. A mindenkori aktu\u00e1lis \u00c1SZF kiv\u00e9tel\u00e9vel az egyes szerz\u0151d\u00e9ssz\u00f6vegek a szerz\u0151d\u00e9sk\u00f6t\u00e9st k\u00f6vet\u0151en nem h\u00edvhat\u00f3k le az Online \u00c1ruh\u00e1zban. <\/p>\t\t\t\t\t\t\t\t<\/div>\n\t\t\t\t<div class=\"elementor-element elementor-element-305a909b smc-post-heading elementor-widget elementor-widget-heading\" data-id=\"305a909b\" data-element_type=\"widget\" data-e-type=\"widget\" data-widget_type=\"heading.default\">\n\t\t\t\t\t<h2 class=\"elementor-heading-title elementor-size-default\">12. Alkalmazand\u00f3 jog, illet\u00e9kes b\u00edr\u00f3s\u00e1g \u00e9s z\u00e1r\u00f3 rendelkez\u00e9sek<\/h2>\t\t\t\t<\/div>\n\t\t\t\t<div class=\"elementor-element elementor-element-3455bce smc-p-text-conclusion smc-link-underline elementor-widget elementor-widget-text-editor\" data-id=\"3455bce\" data-element_type=\"widget\" data-e-type=\"widget\" data-widget_type=\"text-editor.default\">\n\t\t\t\t\t\t\t\t\t<p><strong>12.1.<\/strong>  A k\u00f6zt\u00fcnk \u00e9s az \u00dcgyf\u00e9l k\u00f6z\u00f6tt fenn\u00e1ll\u00f3 ad\u00e1sv\u00e9teli szerz\u0151d\u00e9sre, valamint az abb\u00f3l ered\u0151 \u00e9s azzal \u00f6sszef\u00fcgg\u0151 minden ig\u00e9nyre \u00e9s jogra \u2013 a k\u00f3gens nemzetk\u00f6zi mag\u00e1njogi rendelkez\u00e9sek fenntart\u00e1s\u00e1val \u2013 a N\u00e9metorsz\u00e1gi Sz\u00f6vets\u00e9gi K\u00f6zt\u00e1rsas\u00e1g joga alkalmazand\u00f3, az ENSZ ad\u00e1sv\u00e9teli egyezm\u00e9ny\u00e9nek (CISG) kiz\u00e1r\u00e1s\u00e1val.<\/p><p><strong>12.2.<\/strong>  Amennyiben az \u00dcgyf\u00e9l a n\u00e9met kereskedelmi t\u00f6rv\u00e9nyk\u00f6nyv (HGB) 1. \u00a7 1. bek. \u00e9rtelm\u00e9ben vett keresked\u0151, k\u00f6zjogi jogi szem\u00e9ly vagy k\u00f6zjogi k\u00fcl\u00f6nvagyon, az \u00e9rintett szerz\u0151d\u00e9ses jogviszonyb\u00f3l ered\u0151 vagy azzal \u00f6sszef\u00fcgg\u0151 minden jogvita eset\u00e9n kiz\u00e1r\u00f3lag az ulmi b\u00edr\u00f3s\u00e1gok illet\u00e9kesek. Minden egy\u00e9b esetben mi vagy az \u00dcgyf\u00e9l a t\u00f6rv\u00e9nyi el\u0151\u00edr\u00e1sok alapj\u00e1n illet\u00e9kes b\u00e1rmely b\u00edr\u00f3s\u00e1g el\u0151tt keresetet ind\u00edthatunk.  <\/p><p><strong>12.3.<\/strong>  Amennyiben a jelen \u00c1SZF valamely rendelkez\u00e9se \u00e9rv\u00e9nytelen lenne vagy azz\u00e1 v\u00e1lna, illetve meg nem engedett hat\u00e1rid\u0151t vagy hi\u00e1nyt tartalmazna, az a t\u00f6bbi rendelkez\u00e9s jogi \u00e9rv\u00e9nyess\u00e9g\u00e9t nem \u00e9rinti. Amennyiben az \u00e9rv\u00e9nytelens\u00e9g nem a BGB 305. \u00e9s azt k\u00f6vet\u0151 szakaszainak (\u00c1ltal\u00e1nos Szerz\u0151d\u00e9si Felt\u00e9telek \u00e9rv\u00e9nyess\u00e9ge) megs\u00e9rt\u00e9s\u00e9b\u0151l ered, az \u00e9rv\u00e9nytelen rendelkez\u00e9s helyett olyan \u00e9rv\u00e9nyes rendelkez\u00e9s tekintend\u0151 meg\u00e1llapodottnak, amely gazdas\u00e1gilag a legk\u00f6zelebb \u00e1ll a szerz\u0151d\u0151 felek akarat\u00e1hoz. Ugyanez vonatkozik hi\u00e1ny eset\u00e9n is. Meg nem engedett hat\u00e1rid\u0151 eset\u00e9n a t\u00f6rv\u00e9nyileg megengedett m\u00e9rt\u00e9k ir\u00e1nyad\u00f3.    <\/p>\t\t\t\t\t\t\t\t<\/div>\n\t\t\t\t<div class=\"elementor-element elementor-element-21b1514e smc-p-text-conclusion elementor-widget elementor-widget-text-editor\" data-id=\"21b1514e\" data-element_type=\"widget\" data-e-type=\"widget\" data-widget_type=\"text-editor.default\">\n\t\t\t\t\t\t\t\t\tAz \u00c1ltal\u00e1nos Szerz\u0151d\u00e9si Felt\u00e9telek utolj\u00e1ra ekkor ker\u00fcltek friss\u00edt\u00e9sre:  27. november, 2025 .\t\t\t\t\t\t\t\t<\/div>\n\t\t\t\t<\/div>\n\t\t\t\t<\/div>\n\t\t","protected":false},"excerpt":{"rendered":"<p>\u00c1ltal\u00e1nos Szerz\u0151d\u00e9si Felt\u00e9telek Tartalomjegyz\u00e9k 1. Hat\u00e1ly2. Megrendel\u00e9s \u00e9s szerz\u0151d\u00e9sk\u00f6t\u00e9s3. El\u00e1ll\u00e1si jog4. Tulajdonjog-fenntart\u00e1s5. Szavatoss\u00e1g6. Felel\u0151ss\u00e9g7. Adatv\u00e9delem8. \u00c1rak \u00e9s fizet\u00e9s9. Sz\u00e1ll\u00edt\u00e1si id\u015110. Sz\u00e1ll\u00edt\u00e1s, biztos\u00edt\u00e1s \u00e9s k\u00e1rvesz\u00e9ly \u00e1tsz\u00e1ll\u00e1sa11. A szerz\u0151d\u00e9ssz\u00f6veg t\u00e1rol\u00e1sa \u00e9s leh\u00edvhat\u00f3s\u00e1ga12. [&hellip;]<\/p>\n","protected":false},"author":2,"featured_media":0,"parent":0,"menu_order":0,"comment_status":"closed","ping_status":"closed","template":"","meta":{"_glsr_average":0,"_glsr_ranking":0,"_glsr_reviews":0,"footnotes":""},"class_list":["post-45294","page","type-page","status-publish","hentry"],"yoast_head":"<!-- This site is optimized with the Yoast SEO plugin v28.3 - https:\/\/yoast.com\/product\/yoast-seo-wordpress\/ -->\n<title>\u00c1ltal\u00e1nos Szerz\u0151d\u00e9si Felt\u00e9telek | scalemonkey.com<\/title>\n<meta name=\"robots\" content=\"index, follow, max-snippet:-1, max-image-preview:large, max-video-preview:-1\" \/>\n<link rel=\"canonical\" href=\"https:\/\/www.scalemonkey.com\/hu\/terms-conditions\/\" \/>\n<meta property=\"og:locale\" content=\"hu_HU\" \/>\n<meta property=\"og:type\" content=\"article\" \/>\n<meta property=\"og:title\" content=\"\u00c1ltal\u00e1nos Szerz\u0151d\u00e9si Felt\u00e9telek | scalemonkey.com\" \/>\n<meta property=\"og:description\" content=\"\u00c1ltal\u00e1nos Szerz\u0151d\u00e9si Felt\u00e9telek Tartalomjegyz\u00e9k 1. Hat\u00e1ly2. Megrendel\u00e9s \u00e9s szerz\u0151d\u00e9sk\u00f6t\u00e9s3. El\u00e1ll\u00e1si jog4. Tulajdonjog-fenntart\u00e1s5. Szavatoss\u00e1g6. Felel\u0151ss\u00e9g7. Adatv\u00e9delem8. \u00c1rak \u00e9s fizet\u00e9s9. Sz\u00e1ll\u00edt\u00e1si id\u015110. Sz\u00e1ll\u00edt\u00e1s, biztos\u00edt\u00e1s \u00e9s k\u00e1rvesz\u00e9ly \u00e1tsz\u00e1ll\u00e1sa11. A szerz\u0151d\u00e9ssz\u00f6veg t\u00e1rol\u00e1sa \u00e9s leh\u00edvhat\u00f3s\u00e1ga12. [&hellip;]\" \/>\n<meta property=\"og:url\" content=\"https:\/\/www.scalemonkey.com\/hu\/terms-conditions\/\" \/>\n<meta property=\"og:site_name\" content=\"scalemonkey.com\" \/>\n<meta property=\"article:publisher\" content=\"https:\/\/www.facebook.com\/scalemonkey\/\" \/>\n<meta property=\"article:modified_time\" content=\"2026-08-08T12:15:30+00:00\" \/>\n<meta name=\"twitter:card\" content=\"summary_large_image\" \/>\n<meta name=\"twitter:label1\" content=\"Becs\u00fclt olvas\u00e1si id\u0151\" \/>\n\t<meta name=\"twitter:data1\" content=\"17 perc\" \/>\n<script type=\"application\/ld+json\" class=\"yoast-schema-graph\">{\"@context\":\"https:\\\/\\\/schema.org\",\"@graph\":[{\"@type\":\"WebPage\",\"@id\":\"https:\\\/\\\/www.scalemonkey.com\\\/hu\\\/terms-conditions\\\/\",\"url\":\"https:\\\/\\\/www.scalemonkey.com\\\/hu\\\/terms-conditions\\\/\",\"name\":\"\u00c1ltal\u00e1nos Szerz\u0151d\u00e9si Felt\u00e9telek | scalemonkey.com\",\"isPartOf\":{\"@id\":\"https:\\\/\\\/www.scalemonkey.com\\\/hu\\\/#website\"},\"datePublished\":\"2025-11-27T04:35:18+00:00\",\"dateModified\":\"2026-08-08T12:15:30+00:00\",\"breadcrumb\":{\"@id\":\"https:\\\/\\\/www.scalemonkey.com\\\/hu\\\/terms-conditions\\\/#breadcrumb\"},\"inLanguage\":\"hu\",\"potentialAction\":[{\"@type\":\"ReadAction\",\"target\":[\"https:\\\/\\\/www.scalemonkey.com\\\/hu\\\/terms-conditions\\\/\"]}]},{\"@type\":\"BreadcrumbList\",\"@id\":\"https:\\\/\\\/www.scalemonkey.com\\\/hu\\\/terms-conditions\\\/#breadcrumb\",\"itemListElement\":[{\"@type\":\"ListItem\",\"position\":1,\"name\":\"Start\",\"item\":\"https:\\\/\\\/www.scalemonkey.com\\\/hu\\\/home\\\/\"},{\"@type\":\"ListItem\",\"position\":2,\"name\":\"\u00c1ltal\u00e1nos Szerz\u0151d\u00e9si Felt\u00e9telek\"}]},{\"@type\":\"WebSite\",\"@id\":\"https:\\\/\\\/www.scalemonkey.com\\\/hu\\\/#website\",\"url\":\"https:\\\/\\\/www.scalemonkey.com\\\/hu\\\/\",\"name\":\"ScaleMonkey\",\"description\":\"Anspruchsvoller RC-Modellbau, eigene Baus\u00e4tze, Rolling-Chassis, Upgrades und Zubeh\u00f6r.\",\"publisher\":{\"@id\":\"https:\\\/\\\/www.scalemonkey.com\\\/hu\\\/#organization\"},\"potentialAction\":[{\"@type\":\"SearchAction\",\"target\":{\"@type\":\"EntryPoint\",\"urlTemplate\":\"https:\\\/\\\/www.scalemonkey.com\\\/hu\\\/?s={search_term_string}\"},\"query-input\":{\"@type\":\"PropertyValueSpecification\",\"valueRequired\":true,\"valueName\":\"search_term_string\"}}],\"inLanguage\":\"hu\"},{\"@type\":\"Organization\",\"@id\":\"https:\\\/\\\/www.scalemonkey.com\\\/hu\\\/#organization\",\"name\":\"ScaleMonkey\",\"url\":\"https:\\\/\\\/www.scalemonkey.com\\\/hu\\\/\",\"logo\":{\"@type\":\"ImageObject\",\"inLanguage\":\"hu\",\"@id\":\"https:\\\/\\\/www.scalemonkey.com\\\/hu\\\/#\\\/schema\\\/logo\\\/image\\\/\",\"url\":\"https:\\\/\\\/www.scalemonkey.com\\\/wp-content\\\/uploads\\\/2026\\\/08\\\/ScaleMonkey-mail.jpg\",\"contentUrl\":\"https:\\\/\\\/www.scalemonkey.com\\\/wp-content\\\/uploads\\\/2026\\\/08\\\/ScaleMonkey-mail.jpg\",\"width\":591,\"height\":591,\"caption\":\"ScaleMonkey\"},\"image\":{\"@id\":\"https:\\\/\\\/www.scalemonkey.com\\\/hu\\\/#\\\/schema\\\/logo\\\/image\\\/\"},\"sameAs\":[\"https:\\\/\\\/www.facebook.com\\\/scalemonkey\\\/\",\"https:\\\/\\\/www.instagram.com\\\/scalemonkey\\\/\",\"https:\\\/\\\/www.youtube.com\\\/@scalemonkeyofficial\\\/\"]}]}<\/script>\n<!-- \/ Yoast SEO plugin. -->","yoast_head_json":{"title":"\u00c1ltal\u00e1nos Szerz\u0151d\u00e9si Felt\u00e9telek | scalemonkey.com","robots":{"index":"index","follow":"follow","max-snippet":"max-snippet:-1","max-image-preview":"max-image-preview:large","max-video-preview":"max-video-preview:-1"},"canonical":"https:\/\/www.scalemonkey.com\/hu\/terms-conditions\/","og_locale":"hu_HU","og_type":"article","og_title":"\u00c1ltal\u00e1nos Szerz\u0151d\u00e9si Felt\u00e9telek | scalemonkey.com","og_description":"\u00c1ltal\u00e1nos Szerz\u0151d\u00e9si Felt\u00e9telek Tartalomjegyz\u00e9k 1. Hat\u00e1ly2. Megrendel\u00e9s \u00e9s szerz\u0151d\u00e9sk\u00f6t\u00e9s3. El\u00e1ll\u00e1si jog4. Tulajdonjog-fenntart\u00e1s5. Szavatoss\u00e1g6. Felel\u0151ss\u00e9g7. Adatv\u00e9delem8. \u00c1rak \u00e9s fizet\u00e9s9. Sz\u00e1ll\u00edt\u00e1si id\u015110. Sz\u00e1ll\u00edt\u00e1s, biztos\u00edt\u00e1s \u00e9s k\u00e1rvesz\u00e9ly \u00e1tsz\u00e1ll\u00e1sa11. A szerz\u0151d\u00e9ssz\u00f6veg t\u00e1rol\u00e1sa \u00e9s leh\u00edvhat\u00f3s\u00e1ga12. [&hellip;]","og_url":"https:\/\/www.scalemonkey.com\/hu\/terms-conditions\/","og_site_name":"scalemonkey.com","article_publisher":"https:\/\/www.facebook.com\/scalemonkey\/","article_modified_time":"2026-08-08T12:15:30+00:00","twitter_card":"summary_large_image","twitter_misc":{"Becs\u00fclt olvas\u00e1si id\u0151":"17 perc"},"schema":{"@context":"https:\/\/schema.org","@graph":[{"@type":"WebPage","@id":"https:\/\/www.scalemonkey.com\/hu\/terms-conditions\/","url":"https:\/\/www.scalemonkey.com\/hu\/terms-conditions\/","name":"\u00c1ltal\u00e1nos Szerz\u0151d\u00e9si Felt\u00e9telek | scalemonkey.com","isPartOf":{"@id":"https:\/\/www.scalemonkey.com\/hu\/#website"},"datePublished":"2025-11-27T04:35:18+00:00","dateModified":"2026-08-08T12:15:30+00:00","breadcrumb":{"@id":"https:\/\/www.scalemonkey.com\/hu\/terms-conditions\/#breadcrumb"},"inLanguage":"hu","potentialAction":[{"@type":"ReadAction","target":["https:\/\/www.scalemonkey.com\/hu\/terms-conditions\/"]}]},{"@type":"BreadcrumbList","@id":"https:\/\/www.scalemonkey.com\/hu\/terms-conditions\/#breadcrumb","itemListElement":[{"@type":"ListItem","position":1,"name":"Start","item":"https:\/\/www.scalemonkey.com\/hu\/home\/"},{"@type":"ListItem","position":2,"name":"\u00c1ltal\u00e1nos Szerz\u0151d\u00e9si Felt\u00e9telek"}]},{"@type":"WebSite","@id":"https:\/\/www.scalemonkey.com\/hu\/#website","url":"https:\/\/www.scalemonkey.com\/hu\/","name":"ScaleMonkey","description":"Anspruchsvoller RC-Modellbau, eigene Baus\u00e4tze, Rolling-Chassis, Upgrades und Zubeh\u00f6r.","publisher":{"@id":"https:\/\/www.scalemonkey.com\/hu\/#organization"},"potentialAction":[{"@type":"SearchAction","target":{"@type":"EntryPoint","urlTemplate":"https:\/\/www.scalemonkey.com\/hu\/?s={search_term_string}"},"query-input":{"@type":"PropertyValueSpecification","valueRequired":true,"valueName":"search_term_string"}}],"inLanguage":"hu"},{"@type":"Organization","@id":"https:\/\/www.scalemonkey.com\/hu\/#organization","name":"ScaleMonkey","url":"https:\/\/www.scalemonkey.com\/hu\/","logo":{"@type":"ImageObject","inLanguage":"hu","@id":"https:\/\/www.scalemonkey.com\/hu\/#\/schema\/logo\/image\/","url":"https:\/\/www.scalemonkey.com\/wp-content\/uploads\/2026\/08\/ScaleMonkey-mail.jpg","contentUrl":"https:\/\/www.scalemonkey.com\/wp-content\/uploads\/2026\/08\/ScaleMonkey-mail.jpg","width":591,"height":591,"caption":"ScaleMonkey"},"image":{"@id":"https:\/\/www.scalemonkey.com\/hu\/#\/schema\/logo\/image\/"},"sameAs":["https:\/\/www.facebook.com\/scalemonkey\/","https:\/\/www.instagram.com\/scalemonkey\/","https:\/\/www.youtube.com\/@scalemonkeyofficial\/"]}]}},"_links":{"self":[{"href":"https:\/\/www.scalemonkey.com\/hu\/wp-json\/wp\/v2\/pages\/45294","targetHints":{"allow":["GET"]}}],"collection":[{"href":"https:\/\/www.scalemonkey.com\/hu\/wp-json\/wp\/v2\/pages"}],"about":[{"href":"https:\/\/www.scalemonkey.com\/hu\/wp-json\/wp\/v2\/types\/page"}],"author":[{"embeddable":true,"href":"https:\/\/www.scalemonkey.com\/hu\/wp-json\/wp\/v2\/users\/2"}],"replies":[{"embeddable":true,"href":"https:\/\/www.scalemonkey.com\/hu\/wp-json\/wp\/v2\/comments?post=45294"}],"version-history":[{"count":0,"href":"https:\/\/www.scalemonkey.com\/hu\/wp-json\/wp\/v2\/pages\/45294\/revisions"}],"wp:attachment":[{"href":"https:\/\/www.scalemonkey.com\/hu\/wp-json\/wp\/v2\/media?parent=45294"}],"curies":[{"name":"wp","href":"https:\/\/api.w.org\/{rel}","templated":true}]}}