{"id":51124,"date":"2026-08-06T10:02:23","date_gmt":"2026-08-06T08:02:23","guid":{"rendered":"https:\/\/www.scalemonkey.com\/event\/rotorlive\/"},"modified":"2026-08-06T10:02:23","modified_gmt":"2026-08-06T08:02:23","slug":"rotorlive","status":"publish","type":"tribe_events","link":"https:\/\/www.scalemonkey.com\/da\/event\/rotorlive\/","title":{"rendered":"ROTORlive"},"content":{"rendered":"<p>Flyv, bliv imponeret og oplev \u2013 Europas st\u00f8rste modelhelikoptermesse <strong>ROTORlive<\/strong> \u00e5bner sine d\u00f8re p\u00e5 galopbanen i Iffezheim n\u00e6r Baden-Baden og inviterer modelentusiaster fra hele verden til en ekstraordin\u00e6r begivenhed. Med et imponerende udstillingsomr\u00e5de p\u00e5 omkring 3.000 kvadratmeter, et heldags udend\u00f8rs flyveprogram, sp\u00e6ndende workshops og seminarer samt et indend\u00f8rs flyveomr\u00e5de lover messen at blive det f\u00f8rste store h\u00f8jdepunkt i den nye flyves\u00e6son. <\/p>\n","protected":false},"excerpt":{"rendered":"<p>Flyv, bliv imponeret og oplev \u2013 Europas st\u00f8rste modelhelikoptermesse ROTORlive \u00e5bner sine d\u00f8re p\u00e5 galopbanen i Iffezheim n\u00e6r Baden-Baden og inviterer modelentusiaster fra hele verden til en ekstraordin\u00e6r begivenhed. Med [&hellip;]<\/p>\n","protected":false},"author":2,"featured_media":43813,"template":"","meta":{"_tribe_events_status":"","_tribe_events_status_reason":"","footnotes":""},"tags":[],"tribe_events_cat":[5660],"class_list":["post-51124","tribe_events","type-tribe_events","status-publish","has-post-thumbnail","hentry","tribe_events_cat-model-making-events","cat_model-making-events"],"yoast_head":"<!-- This site is optimized with the Yoast SEO plugin v28.3 - https:\/\/yoast.com\/product\/yoast-seo-wordpress\/ -->\n<title>ROTORlive | scalemonkey.com<\/title>\n<meta name=\"description\" content=\"Flyv, bliv imponeret og oplev \u2013 Europas st\u00f8rste modelhelikoptermesse ROTORlive \u00e5bner sine d\u00f8re p\u00e5 galopbanen i Iffezheim n\u00e6r Baden-Baden og inviterer modelentusiaster fra hele verden til en ekstraordin\u00e6r begivenhed.\" \/>\n<meta name=\"robots\" content=\"index, follow, max-snippet:-1, max-image-preview:large, max-video-preview:-1\" \/>\n<link rel=\"canonical\" href=\"https:\/\/www.scalemonkey.com\/da\/event\/rotorlive\/\" \/>\n<meta property=\"og:locale\" content=\"da_DK\" \/>\n<meta property=\"og:type\" content=\"article\" \/>\n<meta property=\"og:title\" content=\"ROTORlive | scalemonkey.com\" \/>\n<meta property=\"og:description\" content=\"Flyv, bliv imponeret og oplev \u2013 Europas st\u00f8rste modelhelikoptermesse ROTORlive \u00e5bner sine d\u00f8re p\u00e5 galopbanen i Iffezheim n\u00e6r Baden-Baden og inviterer modelentusiaster fra hele verden til en ekstraordin\u00e6r begivenhed.\" \/>\n<meta property=\"og:url\" content=\"https:\/\/www.scalemonkey.com\/da\/event\/rotorlive\/\" \/>\n<meta property=\"og:site_name\" content=\"scalemonkey.com\" \/>\n<meta property=\"article:publisher\" content=\"https:\/\/www.facebook.com\/scalemonkey\/\" \/>\n<meta property=\"og:image\" content=\"https:\/\/www.scalemonkey.com\/wp-content\/uploads\/2026\/08\/rotorlive.jpg\" \/>\n\t<meta property=\"og:image:width\" content=\"900\" \/>\n\t<meta property=\"og:image:height\" content=\"600\" \/>\n\t<meta property=\"og:image:type\" content=\"image\/jpeg\" \/>\n<meta name=\"twitter:card\" content=\"summary_large_image\" \/>\n<script type=\"application\/ld+json\" class=\"yoast-schema-graph\">{\"@context\":\"https:\\\/\\\/schema.org\",\"@graph\":[{\"@type\":\"WebPage\",\"@id\":\"https:\\\/\\\/www.scalemonkey.com\\\/da\\\/event\\\/rotorlive\\\/\",\"url\":\"https:\\\/\\\/www.scalemonkey.com\\\/da\\\/event\\\/rotorlive\\\/\",\"name\":\"ROTORlive | scalemonkey.com\",\"isPartOf\":{\"@id\":\"https:\\\/\\\/www.scalemonkey.com\\\/da\\\/#website\"},\"primaryImageOfPage\":{\"@id\":\"https:\\\/\\\/www.scalemonkey.com\\\/da\\\/event\\\/rotorlive\\\/#primaryimage\"},\"image\":{\"@id\":\"https:\\\/\\\/www.scalemonkey.com\\\/da\\\/event\\\/rotorlive\\\/#primaryimage\"},\"thumbnailUrl\":\"https:\\\/\\\/www.scalemonkey.com\\\/wp-content\\\/uploads\\\/2026\\\/08\\\/rotorlive.jpg\",\"datePublished\":\"2026-08-06T08:02:23+00:00\",\"description\":\"Flyv, bliv imponeret og oplev \u2013 Europas st\u00f8rste modelhelikoptermesse ROTORlive \u00e5bner sine d\u00f8re p\u00e5 galopbanen i Iffezheim n\u00e6r Baden-Baden og inviterer modelentusiaster fra hele verden til en ekstraordin\u00e6r begivenhed.\",\"breadcrumb\":{\"@id\":\"https:\\\/\\\/www.scalemonkey.com\\\/da\\\/event\\\/rotorlive\\\/#breadcrumb\"},\"inLanguage\":\"da-DK\",\"potentialAction\":[{\"@type\":\"ReadAction\",\"target\":[\"https:\\\/\\\/www.scalemonkey.com\\\/da\\\/event\\\/rotorlive\\\/\"]}]},{\"@type\":\"ImageObject\",\"inLanguage\":\"da-DK\",\"@id\":\"https:\\\/\\\/www.scalemonkey.com\\\/da\\\/event\\\/rotorlive\\\/#primaryimage\",\"url\":\"https:\\\/\\\/www.scalemonkey.com\\\/wp-content\\\/uploads\\\/2026\\\/08\\\/rotorlive.jpg\",\"contentUrl\":\"https:\\\/\\\/www.scalemonkey.com\\\/wp-content\\\/uploads\\\/2026\\\/08\\\/rotorlive.jpg\",\"width\":900,\"height\":600},{\"@type\":\"BreadcrumbList\",\"@id\":\"https:\\\/\\\/www.scalemonkey.com\\\/da\\\/event\\\/rotorlive\\\/#breadcrumb\",\"itemListElement\":[{\"@type\":\"ListItem\",\"position\":1,\"name\":\"Start\",\"item\":\"https:\\\/\\\/www.scalemonkey.com\\\/da\\\/home\\\/\"},{\"@type\":\"ListItem\",\"position\":2,\"name\":\"Begivenheder\",\"item\":\"https:\\\/\\\/www.scalemonkey.com\\\/da\\\/events\\\/\"},{\"@type\":\"ListItem\",\"position\":3,\"name\":\"ROTORlive\"}]},{\"@type\":\"WebSite\",\"@id\":\"https:\\\/\\\/www.scalemonkey.com\\\/da\\\/#website\",\"url\":\"https:\\\/\\\/www.scalemonkey.com\\\/da\\\/\",\"name\":\"ScaleMonkey\",\"description\":\"Anspruchsvoller RC-Modellbau, eigene Baus\u00e4tze, Rolling-Chassis, Upgrades und Zubeh\u00f6r.\",\"publisher\":{\"@id\":\"https:\\\/\\\/www.scalemonkey.com\\\/da\\\/#organization\"},\"potentialAction\":[{\"@type\":\"SearchAction\",\"target\":{\"@type\":\"EntryPoint\",\"urlTemplate\":\"https:\\\/\\\/www.scalemonkey.com\\\/da\\\/?s={search_term_string}\"},\"query-input\":{\"@type\":\"PropertyValueSpecification\",\"valueRequired\":true,\"valueName\":\"search_term_string\"}}],\"inLanguage\":\"da-DK\"},{\"@type\":\"Organization\",\"@id\":\"https:\\\/\\\/www.scalemonkey.com\\\/da\\\/#organization\",\"name\":\"ScaleMonkey\",\"url\":\"https:\\\/\\\/www.scalemonkey.com\\\/da\\\/\",\"logo\":{\"@type\":\"ImageObject\",\"inLanguage\":\"da-DK\",\"@id\":\"https:\\\/\\\/www.scalemonkey.com\\\/da\\\/#\\\/schema\\\/logo\\\/image\\\/\",\"url\":\"https:\\\/\\\/www.scalemonkey.com\\\/wp-content\\\/uploads\\\/2026\\\/08\\\/ScaleMonkey-mail.jpg\",\"contentUrl\":\"https:\\\/\\\/www.scalemonkey.com\\\/wp-content\\\/uploads\\\/2026\\\/08\\\/ScaleMonkey-mail.jpg\",\"width\":591,\"height\":591,\"caption\":\"ScaleMonkey\"},\"image\":{\"@id\":\"https:\\\/\\\/www.scalemonkey.com\\\/da\\\/#\\\/schema\\\/logo\\\/image\\\/\"},\"sameAs\":[\"https:\\\/\\\/www.facebook.com\\\/scalemonkey\\\/\",\"https:\\\/\\\/www.instagram.com\\\/scalemonkey\\\/\",\"https:\\\/\\\/www.youtube.com\\\/@scalemonkeyofficial\\\/\"]}]}<\/script>\n<!-- \/ Yoast SEO plugin. -->","yoast_head_json":{"title":"ROTORlive | scalemonkey.com","description":"Flyv, bliv imponeret og oplev \u2013 Europas st\u00f8rste modelhelikoptermesse ROTORlive \u00e5bner sine d\u00f8re p\u00e5 galopbanen i Iffezheim n\u00e6r Baden-Baden og inviterer modelentusiaster fra hele verden til en ekstraordin\u00e6r begivenhed.","robots":{"index":"index","follow":"follow","max-snippet":"max-snippet:-1","max-image-preview":"max-image-preview:large","max-video-preview":"max-video-preview:-1"},"canonical":"https:\/\/www.scalemonkey.com\/da\/event\/rotorlive\/","og_locale":"da_DK","og_type":"article","og_title":"ROTORlive | scalemonkey.com","og_description":"Flyv, bliv imponeret og oplev \u2013 Europas st\u00f8rste modelhelikoptermesse ROTORlive \u00e5bner sine d\u00f8re p\u00e5 galopbanen i Iffezheim n\u00e6r Baden-Baden og inviterer modelentusiaster fra hele verden til en ekstraordin\u00e6r begivenhed.","og_url":"https:\/\/www.scalemonkey.com\/da\/event\/rotorlive\/","og_site_name":"scalemonkey.com","article_publisher":"https:\/\/www.facebook.com\/scalemonkey\/","og_image":[{"width":900,"height":600,"url":"https:\/\/www.scalemonkey.com\/wp-content\/uploads\/2026\/08\/rotorlive.jpg","type":"image\/jpeg"}],"twitter_card":"summary_large_image","schema":{"@context":"https:\/\/schema.org","@graph":[{"@type":"WebPage","@id":"https:\/\/www.scalemonkey.com\/da\/event\/rotorlive\/","url":"https:\/\/www.scalemonkey.com\/da\/event\/rotorlive\/","name":"ROTORlive | scalemonkey.com","isPartOf":{"@id":"https:\/\/www.scalemonkey.com\/da\/#website"},"primaryImageOfPage":{"@id":"https:\/\/www.scalemonkey.com\/da\/event\/rotorlive\/#primaryimage"},"image":{"@id":"https:\/\/www.scalemonkey.com\/da\/event\/rotorlive\/#primaryimage"},"thumbnailUrl":"https:\/\/www.scalemonkey.com\/wp-content\/uploads\/2026\/08\/rotorlive.jpg","datePublished":"2026-08-06T08:02:23+00:00","description":"Flyv, bliv imponeret og oplev \u2013 Europas st\u00f8rste modelhelikoptermesse ROTORlive \u00e5bner sine d\u00f8re p\u00e5 galopbanen i Iffezheim n\u00e6r Baden-Baden og inviterer modelentusiaster fra hele verden til en ekstraordin\u00e6r begivenhed.","breadcrumb":{"@id":"https:\/\/www.scalemonkey.com\/da\/event\/rotorlive\/#breadcrumb"},"inLanguage":"da-DK","potentialAction":[{"@type":"ReadAction","target":["https:\/\/www.scalemonkey.com\/da\/event\/rotorlive\/"]}]},{"@type":"ImageObject","inLanguage":"da-DK","@id":"https:\/\/www.scalemonkey.com\/da\/event\/rotorlive\/#primaryimage","url":"https:\/\/www.scalemonkey.com\/wp-content\/uploads\/2026\/08\/rotorlive.jpg","contentUrl":"https:\/\/www.scalemonkey.com\/wp-content\/uploads\/2026\/08\/rotorlive.jpg","width":900,"height":600},{"@type":"BreadcrumbList","@id":"https:\/\/www.scalemonkey.com\/da\/event\/rotorlive\/#breadcrumb","itemListElement":[{"@type":"ListItem","position":1,"name":"Start","item":"https:\/\/www.scalemonkey.com\/da\/home\/"},{"@type":"ListItem","position":2,"name":"Begivenheder","item":"https:\/\/www.scalemonkey.com\/da\/events\/"},{"@type":"ListItem","position":3,"name":"ROTORlive"}]},{"@type":"WebSite","@id":"https:\/\/www.scalemonkey.com\/da\/#website","url":"https:\/\/www.scalemonkey.com\/da\/","name":"ScaleMonkey","description":"Anspruchsvoller RC-Modellbau, eigene Baus\u00e4tze, Rolling-Chassis, Upgrades und Zubeh\u00f6r.","publisher":{"@id":"https:\/\/www.scalemonkey.com\/da\/#organization"},"potentialAction":[{"@type":"SearchAction","target":{"@type":"EntryPoint","urlTemplate":"https:\/\/www.scalemonkey.com\/da\/?s={search_term_string}"},"query-input":{"@type":"PropertyValueSpecification","valueRequired":true,"valueName":"search_term_string"}}],"inLanguage":"da-DK"},{"@type":"Organization","@id":"https:\/\/www.scalemonkey.com\/da\/#organization","name":"ScaleMonkey","url":"https:\/\/www.scalemonkey.com\/da\/","logo":{"@type":"ImageObject","inLanguage":"da-DK","@id":"https:\/\/www.scalemonkey.com\/da\/#\/schema\/logo\/image\/","url":"https:\/\/www.scalemonkey.com\/wp-content\/uploads\/2026\/08\/ScaleMonkey-mail.jpg","contentUrl":"https:\/\/www.scalemonkey.com\/wp-content\/uploads\/2026\/08\/ScaleMonkey-mail.jpg","width":591,"height":591,"caption":"ScaleMonkey"},"image":{"@id":"https:\/\/www.scalemonkey.com\/da\/#\/schema\/logo\/image\/"},"sameAs":["https:\/\/www.facebook.com\/scalemonkey\/","https:\/\/www.instagram.com\/scalemonkey\/","https:\/\/www.youtube.com\/@scalemonkeyofficial\/"]}]}},"_links":{"self":[{"href":"https:\/\/www.scalemonkey.com\/da\/wp-json\/wp\/v2\/tribe_events\/51124","targetHints":{"allow":["GET"]}}],"collection":[{"href":"https:\/\/www.scalemonkey.com\/da\/wp-json\/wp\/v2\/tribe_events"}],"about":[{"href":"https:\/\/www.scalemonkey.com\/da\/wp-json\/wp\/v2\/types\/tribe_events"}],"author":[{"embeddable":true,"href":"https:\/\/www.scalemonkey.com\/da\/wp-json\/wp\/v2\/users\/2"}],"version-history":[{"count":0,"href":"https:\/\/www.scalemonkey.com\/da\/wp-json\/wp\/v2\/tribe_events\/51124\/revisions"}],"wp:featuredmedia":[{"embeddable":true,"href":"https:\/\/www.scalemonkey.com\/da\/wp-json\/wp\/v2\/media\/43813"}],"wp:attachment":[{"href":"https:\/\/www.scalemonkey.com\/da\/wp-json\/wp\/v2\/media?parent=51124"}],"wp:term":[{"taxonomy":"post_tag","embeddable":true,"href":"https:\/\/www.scalemonkey.com\/da\/wp-json\/wp\/v2\/tags?post=51124"},{"taxonomy":"tribe_events_cat","embeddable":true,"href":"https:\/\/www.scalemonkey.com\/da\/wp-json\/wp\/v2\/tribe_events_cat?post=51124"}],"curies":[{"name":"wp","href":"https:\/\/api.w.org\/{rel}","templated":true}]}}